{"id":156,"date":"2025-06-03T14:45:10","date_gmt":"2025-06-03T14:45:10","guid":{"rendered":"https:\/\/dev2025.uvam-vs.ch\/?page_id=156"},"modified":"2025-09-16T08:28:49","modified_gmt":"2025-09-16T08:28:49","slug":"inscriptionform_ulam_19_09_2025","status":"publish","type":"page","link":"https:\/\/uvam-vs.ch\/de\/inscriptionform_ulam_19_09_2025\/","title":{"rendered":"InscriptionForm_ULAM_19_09_2025"},"content":{"rendered":"<p>[et_pb_section fb_built=\u00a0\u00bb1&Prime; admin_label=\u00a0\u00bbHeader\u00a0\u00bb _builder_version=\u00a0\u00bb4.27.4&Prime; _module_preset=\u00a0\u00bbdefault\u00a0\u00bb background_enable_color=\u00a0\u00bboff\u00a0\u00bb use_background_color_gradient=\u00a0\u00bbon\u00a0\u00bb background_color_gradient_direction=\u00a0\u00bb90deg\u00a0\u00bb background_color_gradient_stops=\u00a0\u00bb#3b80be 38%|rgba(59,128,190,0.28) 50%\u00a0\u00bb background_color_gradient_overlays_image=\u00a0\u00bbon\u00a0\u00bb background_image=\u00a0\u00bbhttps:\/\/uvam-vs.ch\/wp-content\/uploads\/2025\/06\/Banner-web_02.png\u00a0\u00bb parallax=\u00a0\u00bbon\u00a0\u00bb collapsed=\u00a0\u00bbon\u00a0\u00bb global_colors_info=\u00a0\u00bb{%22gcid-904649ba-8489-45ef-bc4d-794bd4d0fcba%22:%91%22background_color_gradient_stops%22%93}\u00a0\u00bb][et_pb_row column_structure=\u00a0\u00bb1_2,1_2&Prime; _builder_version=\u00a0\u00bb4.20.0&Prime; _module_preset=\u00a0\u00bbdefault\u00a0\u00bb global_colors_info=\u00a0\u00bb{}\u00a0\u00bb][et_pb_column type=\u00a0\u00bb1_2&Prime; _builder_version=\u00a0\u00bb4.20.0&Prime; _module_preset=\u00a0\u00bbdefault\u00a0\u00bb global_colors_info=\u00a0\u00bb{}\u00a0\u00bb][et_pb_text _builder_version=\u00a0\u00bb4.27.4&Prime; _module_preset=\u00a0\u00bb_initial\u00a0\u00bb header_font=\u00a0\u00bbPlayfair Display|500|||||||\u00a0\u00bb header_font_size=\u00a0\u00bb70px\u00a0\u00bb header_line_height=\u00a0\u00bb1.2em\u00a0\u00bb header_font_size_tablet=\u00a0\u00bb40px\u00a0\u00bb header_font_size_phone=\u00a0\u00bb24px\u00a0\u00bb header_font_size_last_edited=\u00a0\u00bbon|desktop\u00a0\u00bb global_colors_info=\u00a0\u00bb{}\u00a0\u00bb]<\/p>\n<h1><span style=\"color: #ffffff;\">P\u00e9nurie de personnel<\/span><\/h1>\n<p>[\/et_pb_text][et_pb_text _builder_version=\u00a0\u00bb4.27.4&Prime; _module_preset=\u00a0\u00bb_initial\u00a0\u00bb header_3_font=\u00a0\u00bbPlayfair Display|500|||||||\u00a0\u00bb header_3_line_height=\u00a0\u00bb1.4em\u00a0\u00bb header_3_font_size_tablet=\u00a0\u00bb20px\u00a0\u00bb header_3_font_size_phone=\u00a0\u00bb16px\u00a0\u00bb header_3_font_size_last_edited=\u00a0\u00bbon|desktop\u00a0\u00bb locked=\u00a0\u00bboff\u00a0\u00bb global_colors_info=\u00a0\u00bb{}\u00a0\u00bb]<\/p>\n<h3><span style=\"color: #ffffff;\">vendredi 19 septembre 2025<\/span><br \/><span style=\"color: #ffffff;\">\u200bde 09h30 \u00e0 12h15 (+ repas et r\u00e9seautage)<\/span><br \/><span style=\"color: #ffffff;\">Mus\u00e9e Olympique<\/span><br \/><span style=\"color: #ffffff;\">Quai d&rsquo;Ouchy 1 &#8211; 1006 Lausanne<\/span><\/h3>\n<p><span style=\"color: #ffffff;\"><\/span><\/p>\n<p><em><span style=\"color: #ffffff;\">inscriptions closes<\/span><\/em><\/p>\n<p><span style=\"color: #ffffff;\"><\/span><\/p>\n<p>[\/et_pb_text][\/et_pb_column][et_pb_column type=\u00a0\u00bb1_2&Prime; _builder_version=\u00a0\u00bb4.20.0&Prime; _module_preset=\u00a0\u00bbdefault\u00a0\u00bb global_colors_info=\u00a0\u00bb{}\u00a0\u00bb][\/et_pb_column][\/et_pb_row][\/et_pb_section][et_pb_section fb_built=\u00a0\u00bb1&Prime; admin_label=\u00a0\u00bbFooter\u00a0\u00bb _builder_version=\u00a0\u00bb4.20.0&Prime; _module_preset=\u00a0\u00bbdefault\u00a0\u00bb background_color=\u00a0\u00bbgcid-904649ba-8489-45ef-bc4d-794bd4d0fcba\u00a0\u00bb saved_tabs=\u00a0\u00bball\u00a0\u00bb collapsed=\u00a0\u00bbon\u00a0\u00bb global_colors_info=\u00a0\u00bb{%22gcid-904649ba-8489-45ef-bc4d-794bd4d0fcba%22:%91%22background_color%22%93}\u00a0\u00bb][et_pb_row _builder_version=\u00a0\u00bb4.20.0&Prime; _module_preset=\u00a0\u00bbdefault\u00a0\u00bb global_colors_info=\u00a0\u00bb{}\u00a0\u00bb][et_pb_column type=\u00a0\u00bb4_4&Prime; _builder_version=\u00a0\u00bb4.20.0&Prime; _module_preset=\u00a0\u00bbdefault\u00a0\u00bb global_colors_info=\u00a0\u00bb{}\u00a0\u00bb][et_pb_text _builder_version=\u00a0\u00bb4.27.4&Prime; _module_preset=\u00a0\u00bb_initial\u00a0\u00bb header_4_font=\u00a0\u00bbLato|700||on|||||\u00a0\u00bb header_4_text_color=\u00a0\u00bb#926e38&Prime; header_4_font_size=\u00a0\u00bb14px\u00a0\u00bb header_4_letter_spacing=\u00a0\u00bb1px\u00a0\u00bb header_4_line_height=\u00a0\u00bb1.4em\u00a0\u00bb text_orientation=\u00a0\u00bbcenter\u00a0\u00bb custom_margin=\u00a0\u00bb||0px||false|false\u00a0\u00bb global_colors_info=\u00a0\u00bb{}\u00a0\u00bb]<\/p>\n<h4><span style=\"color: #3b80be;\">\u00c9v\u00e8nement ULAM<\/span><\/h4>\n<p>[\/et_pb_text][et_pb_text _builder_version=\u00a0\u00bb4.27.4&Prime; _module_preset=\u00a0\u00bb_initial\u00a0\u00bb header_2_font=\u00a0\u00bbPlayfair Display|500|||||||\u00a0\u00bb header_2_font_size=\u00a0\u00bb48px\u00a0\u00bb header_2_line_height=\u00a0\u00bb1.2em\u00a0\u00bb text_orientation=\u00a0\u00bbcenter\u00a0\u00bb header_2_font_size_tablet=\u00a0\u00bb32px\u00a0\u00bb header_2_font_size_phone=\u00a0\u00bb20px\u00a0\u00bb header_2_font_size_last_edited=\u00a0\u00bbon|desktop\u00a0\u00bb global_colors_info=\u00a0\u00bb{}\u00a0\u00bb]<\/p>\n<h2>P\u00e9nurie de personnel<\/h2>\n<h3>Combattre la p\u00e9nurie de personnel dans la r\u00e9gion l\u00e9manique : diagnostic, leviers, solutions<\/h3>\n<p>[\/et_pb_text][\/et_pb_column][\/et_pb_row][et_pb_row _builder_version=\u00a0\u00bb4.27.4&Prime; _module_preset=\u00a0\u00bbdefault\u00a0\u00bb global_colors_info=\u00a0\u00bb{}\u00a0\u00bb][et_pb_column type=\u00a0\u00bb4_4&Prime; _builder_version=\u00a0\u00bb4.27.4&Prime; _module_preset=\u00a0\u00bbdefault\u00a0\u00bb global_colors_info=\u00a0\u00bb{}\u00a0\u00bb][et_pb_text _builder_version=\u00a0\u00bb4.27.4&Prime; _module_preset=\u00a0\u00bbdefault\u00a0\u00bb global_colors_info=\u00a0\u00bb{}\u00a0\u00bb]<\/p>\n<h1 style=\"text-align: left;\"><span><u><strong>Programme<\/strong><\/u><\/span><\/h1>\n<p>&nbsp;<\/p>\n<p><span>09h50 &#8211; 10h00\u00a0<strong>| Ouverture\u00a0<\/strong>&#8211; mot de bienvenue de <strong><span style=\"color: #4a7fbc;\">Marcel Delasoie<\/span><\/strong> &#8211; secr\u00e9taire g\u00e9n\u00e9ral de l&rsquo;UVAM, et introduction de notre mod\u00e9rateur <\/span><span style=\"color: #447fbc;\"><strong>Fr\u00e9d\u00e9ric Filippin<\/strong><\/span><\/p>\n<p><strong> <\/strong><\/p>\n<p><strong><\/strong><\/p>\n<p><span>10h00 &#8211; 10h15<\/span><strong><span>\u00a0| \u00c9tat des lieux crois\u00e9 de la p\u00e9nurie\u00a0<\/span><\/strong><span>&#8211; un panorama franco-suisse des tensions du march\u00e9 du travail<\/span><\/p>\n<ul>\n<li>\n<h5><span style=\"color: #4a7fbc; font-family: aptos, sans-serif;\"><span><b>Ardian Laha<br \/><\/b><\/span><\/span><b style=\"font-size: 14px; color: #4a7fbc; font-family: aptos, sans-serif;\"><\/b><span><em><span><span>Collaborateur du service juridique\u00a0&#8211;\u00a0Swissstaffing<\/span><\/span><\/em><\/span><em style=\"font-size: medium; color: #666666;\"><\/em><\/h5>\n<\/li>\n<\/ul>\n<ul>\n<li>\n<h5><span style=\"color: #4a7fbc; font-family: aptos, sans-serif;\"><span><b>Michel Debernardy<br \/><\/b><\/span><\/span><b style=\"font-size: 14px; color: #4a7fbc; font-family: aptos, sans-serif;\"><\/b><span><em><span><span>Directeur d\u00e9partemental Haute-Savoie\u00a0&#8211;\u00a0France Travail<\/span><\/span><\/em><\/span><em style=\"font-size: medium; color: #666666;\"><\/em><\/h5>\n<\/li>\n<\/ul>\n<p>&nbsp;<\/p>\n<p><span>\u200b10h15 &#8211; 11h00\u00a0<strong>| Table ronde 1 &#8211; Secteurs en tension : r\u00e9ponses concr\u00e8tes et partenariats efficaces<\/strong>\u00a0&#8211; comment les branches professionnelles et les SPE travaillent ensemble pour former, qualifier et ins\u00e9rer dans les secteurs en manque de main-d\u2019\u0153uvre<\/span><\/p>\n<ul>\n<li>\n<h5><span style=\"color: #4a7fbc; font-family: aptos, sans-serif;\"><span><b>Andr\u00e9 Falcomata<br \/><\/b><\/span><\/span><b style=\"font-size: 14px; color: #4a7fbc; font-family: aptos, sans-serif;\"><\/b><span><em><span><span>Secr\u00e9taire g\u00e9n\u00e9ral &#8211; CPME 74 (Haute-Savoie)<\/span><\/span><\/em><\/span><\/h5>\n<p>&nbsp;<\/p>\n<p><span><em><span><span><\/span><\/span><\/em><\/span><\/p>\n<\/li>\n<li>\n<h5><span style=\"color: #4a7fbc; font-family: aptos, sans-serif;\"><span><b>Caroll Singarella<br \/><\/b><\/span><\/span><b style=\"font-size: 14px; color: #4a7fbc; font-family: aptos, sans-serif;\"><\/b><span><em>Directrice de la direction de l&#8217;employabilit\u00e9 (GE)<\/em><\/span><\/h5>\n<p>&nbsp;<\/p>\n<\/li>\n<li>\n<h5><span style=\"color: #4a7fbc; font-family: aptos, sans-serif;\"><span><b>Patrick Juin<br \/><\/b><\/span><\/span><b style=\"font-size: 14px; color: #4a7fbc; font-family: aptos, sans-serif;\"><\/b><span><em><span><span>Directeur des ressources humaines &#8211; Best MontBlanc, groupe h\u00f4telier<\/span><\/span><\/em><\/span><\/h5>\n<p>&nbsp;<\/p>\n<\/li>\n<li>\n<h5><span style=\"color: #4a7fbc; font-family: aptos, sans-serif;\"><span><b>St\u00e8ve Delasoie<br \/><\/b><\/span><\/span><b style=\"font-size: 14px; color: #4a7fbc; font-family: aptos, sans-serif;\"><\/b><span><em>Directeur &#8211; GastroValais<\/em><\/span><\/h5>\n<\/li>\n<\/ul>\n<ul>\n<li>\n<h5><span style=\"color: #4a7fbc; font-family: aptos, sans-serif;\"><span><b>Repr\u00e9sentant-e de la FVE<br \/><\/b><\/span><\/span><b style=\"font-size: 14px; color: #4a7fbc; font-family: aptos, sans-serif;\"><\/b><span><em><span><span>\u00e0 d\u00e9finir- FVE<\/span><\/span><\/em><\/span><em style=\"font-size: medium; color: #666666;\"><\/em><\/h5>\n<\/li>\n<\/ul>\n<p>&nbsp;<\/p>\n<p><span>11h00 &#8211; 11h20<strong>\u00a0| Table ronde 2 &#8211; Patrons face \u00e0 la p\u00e9nurie : recruter, motiver, fid\u00e9liser<\/strong>\u00a0&#8211; t\u00e9moignages concrets de dirigeants sur leurs pratiques pour faire face \u00e0 la p\u00e9nurie<\/span><\/p>\n<ul>\n<li>\n<h5><span style=\"color: #4a7fbc; font-family: aptos, sans-serif;\"><span><b>Herv\u00e9 Magnin<br \/><\/b><\/span><\/span><b style=\"font-size: 14px; color: #4a7fbc; font-family: aptos, sans-serif;\"><\/b><span><em><span><span>Ma\u00eetre ramoneur &#8211; Maison Magnin Herv\u00e9<\/span><\/span><\/em><\/span><em style=\"font-size: medium; color: #666666;\"><\/em><\/h5>\n<\/li>\n<\/ul>\n<ul>\n<li>\n<h5><span style=\"color: #4a7fbc; font-family: aptos, sans-serif;\"><span><b>Patrick Juin<br \/><\/b><\/span><\/span><b style=\"font-size: 14px; color: #4a7fbc; font-family: aptos, sans-serif;\"><\/b><span><em><span><span>Directeur des ressources humaines &#8211; Best MontBlanc, groupe h\u00f4telier<\/span><\/span><\/em><\/span><em style=\"font-size: medium; color: #666666;\"><\/em><span><em><span><span><\/span><\/span><\/em><\/span><\/h5>\n<\/li>\n<\/ul>\n<p>&nbsp;<\/p>\n<p><span>11h20 &#8211; 12h05\u00a0|\u00a0<strong>Table ronde 3 &#8211;\u00a0Strat\u00e9gies institutionnelles et insertion : vers un service public inclusif et efficace<\/strong>\u00a0&#8211; quelle vision strat\u00e9gique pour l&rsquo;avenir du service public de l&#8217;emploi, et quels dispositifs pour mieux accompagner l&rsquo;insertion et les besoins du tissu \u00e9conomique ?<\/span><\/p>\n<ul>\n<li>\n<h5><span><em><span><span><\/span><\/span><\/em><\/span><em style=\"font-size: medium; color: #666666;\"><\/em><span style=\"color: #4a7fbc; font-family: aptos, sans-serif;\"><span><b>\u00c9liane Rosset<br \/><\/b><\/span><\/span><b style=\"font-size: 14px; color: #4a7fbc; font-family: aptos, sans-serif;\"><\/b><span><em><span><span>Responsable organisation et charg\u00e9e de projets &#8211; Insertion Valais<\/span><\/span><\/em><\/span><\/h5>\n<p>&nbsp;<\/p>\n<\/li>\n<li>\n<h5><span><em><span><span><\/span><\/span><\/em><\/span><em style=\"font-size: medium; color: #666666;\"><\/em><span style=\"color: #4a7fbc; font-family: aptos, sans-serif;\"><span><b>Lionel Pelud<br \/><\/b><\/span><\/span><b style=\"font-size: 14px; color: #4a7fbc; font-family: aptos, sans-serif;\"><\/b><span><em><span><span>Responsable Service \u00c9conomie et Emploi\/Formation &#8211; P\u00f4le m\u00e9tropolitain du Genevois fran\u00e7ais \/ Grand Gen\u00e8ve<\/span><\/span><\/em><\/span><\/h5>\n<p>&nbsp;<\/p>\n<\/li>\n<li>\n<h5><span style=\"color: #4a7fbc; font-family: aptos, sans-serif;\"><span><b>Mario Ceppi<br \/><\/b><\/span><\/span><b style=\"font-size: 14px; color: #4a7fbc; font-family: aptos, sans-serif;\"><\/b><span><em><span><span>Collaborateur scientifique &#8211; SECO<\/span><\/span><\/em><\/span><\/h5>\n<p>&nbsp;<\/p>\n<p>&nbsp;<\/p>\n<p><b style=\"font-size: 16px; color: #4a7fbc; font-family: aptos, sans-serif;\"><\/b><\/p>\n<\/li>\n<li><b style=\"font-size: 16px; color: #4a7fbc; font-family: aptos, sans-serif;\">Michel Debernardy<br \/><\/b><em style=\"font-size: 16px; color: #333333;\">Directeur d\u00e9partemental Haute-Savoie &#8211; France Travail<br \/><\/em><em style=\"font-size: 16px; color: #333333;\"><br \/><\/em><\/li>\n<li><b style=\"font-size: 16px; color: #4a7fbc; font-family: aptos, sans-serif;\">St\u00e9phanie Winet<br \/><\/b><em style=\"font-size: 16px; color: #333333;\">Head of Stakeholder Engagement &#8211; IOE (International Organisation of Employers) <\/em><em style=\"font-size: 16px; color: #333333;\"><\/em>\n<p>&nbsp;<\/p>\n<p><em style=\"font-size: 16px; color: #333333;\"><\/em><em style=\"font-size: 16px; color: #333333;\"> <\/em><em style=\"font-size: 16px; color: #333333;\"><\/em><\/p>\n<\/li>\n<li><span style=\"font-size: 16px; color: #4a7fbc; font-family: aptos, sans-serif;\"><span><b>Yves Ec\u0153ur<br \/><\/b><em style=\"font-size: 16px; color: #333333;\">Directeur de l&rsquo;OSEO Vaud et Pr\u00e9sident d&rsquo;Insertion Vaud<\/em><em style=\"font-size: 16px; color: #333333;\"><\/em>\u00a0<\/span><\/span><\/li>\n<\/ul>\n<p>&nbsp;<\/p>\n<p><span>12h05-12h15<strong>\u00a0| Cl\u00f4ture<\/strong> et mot de la fin<\/span><\/p>\n<p>&nbsp;<\/p>\n<p><span>12h30 &#8211; 14h00\u00a0<strong>| Repas et r\u00e9seautage<\/strong> &#8211;\u00a0ap\u00e9ritif et repas, qui seront l&rsquo;occasion de partager un moment de r\u00e9flexion, d\u2019\u00e9change\u2026 et de convivialit\u00e9.<\/span><\/p>\n<p>&nbsp;<\/p>\n<p>&nbsp;<\/p>\n<h1 style=\"text-align: center;\"><span>\ud83e\udd42<\/span><\/h1>\n<p>[\/et_pb_text][et_pb_text _builder_version=\u00a0\u00bb4.27.4&Prime; _module_preset=\u00a0\u00bbdefault\u00a0\u00bb global_colors_info=\u00a0\u00bb{}\u00a0\u00bb]<\/p>\n<h1 style=\"text-align: left;\"><span><u><strong>Informations trajets et acc\u00e8s :<\/strong><\/u><strong> <\/strong><a href=\"https:\/\/uvam-vs.ch\/wp-content\/uploads\/2025\/08\/Trajet-final.pdf\" target=\"_blank\" rel=\"noopener\"><span style=\"color: #4a7fbc;\"><u><strong>ici<\/strong><\/u><\/span><\/a><\/span><\/h1>\n<p>&nbsp;<\/p>\n<p>[\/et_pb_text][\/et_pb_column][\/et_pb_row][\/et_pb_section][et_pb_section fb_built=\u00a0\u00bb1&Prime; admin_label=\u00a0\u00bbFooter\u00a0\u00bb _builder_version=\u00a0\u00bb4.27.4&Prime; _module_preset=\u00a0\u00bbdefault\u00a0\u00bb background_color=\u00a0\u00bbrgba(242,242,242,0.28)\u00a0\u00bb saved_tabs=\u00a0\u00bball\u00a0\u00bb collapsed=\u00a0\u00bbon\u00a0\u00bb global_colors_info=\u00a0\u00bb{%22gcid-904649ba-8489-45ef-bc4d-794bd4d0fcba%22:%91%22background_color%22%93}\u00a0\u00bb][et_pb_row column_structure=\u00a0\u00bb3_5,2_5&Prime; _builder_version=\u00a0\u00bb4.27.4&Prime; _module_preset=\u00a0\u00bbdefault\u00a0\u00bb global_colors_info=\u00a0\u00bb{}\u00a0\u00bb][et_pb_column type=\u00a0\u00bb3_5&Prime; _builder_version=\u00a0\u00bb4.27.4&Prime; _module_preset=\u00a0\u00bbdefault\u00a0\u00bb global_colors_info=\u00a0\u00bb{}\u00a0\u00bb][et_pb_text _builder_version=\u00a0\u00bb4.27.4&Prime; _module_preset=\u00a0\u00bbdefault\u00a0\u00bb global_colors_info=\u00a0\u00bb{}\u00a0\u00bb]<\/p>\n<h3><span style=\"color: #3b80be;\"><strong>contact<\/strong><\/span><\/h3>\n<p><span style=\"color: #3b80be;\">Union L\u00e9manique de l\u2019Artisanat et des M\u00e9tiers<br \/>Secr\u00e9tariat 2024-2025 | ULAM<\/span><\/p>\n<p><span style=\"color: #3b80be;\">Rue de la Dent-Blanche 8<br \/><\/span><span style=\"color: #3b80be; font-size: 14px;\">1950 Sion<\/span><\/p>\n<p><span style=\"color: #3b80be;\">+41 (0)27\u00a0322 43 85<\/span><\/p>\n<p><u><a href=\"mailto:yasmine.pupet@uvam-vs.ch\" target=\"_blank\" rel=\"noopener\"><span style=\"color: #3b80be;\">yasmine.pupet@uvam-vs.ch<\/span><\/a><\/u><\/p>\n<p>[\/et_pb_text][\/et_pb_column][et_pb_column type=\u00a0\u00bb2_5&Prime; _builder_version=\u00a0\u00bb4.27.4&Prime; _module_preset=\u00a0\u00bbdefault\u00a0\u00bb global_colors_info=\u00a0\u00bb{}\u00a0\u00bb][et_pb_image src=\u00a0\u00bbhttps:\/\/uvam-vs.ch\/wp-content\/uploads\/2025\/06\/ULAM-quadri.png\u00a0\u00bb title_text=\u00a0\u00bbULAM-quadri\u00a0\u00bb _builder_version=\u00a0\u00bb4.27.4&Prime; _module_preset=\u00a0\u00bbdefault\u00a0\u00bb global_colors_info=\u00a0\u00bb{}\u00a0\u00bb][\/et_pb_image][\/et_pb_column][\/et_pb_row][\/et_pb_section]<\/p>\n","protected":false},"excerpt":{"rendered":"<p>P\u00e9nurie de personnelvendredi 19 septembre 2025\u200bde 09h30 \u00e0 12h15 (+ repas et r\u00e9seautage)Mus\u00e9e OlympiqueQuai d&rsquo;Ouchy 1 &#8211; 1006 Lausanne inscriptions closes \u00c9v\u00e8nement ULAMP\u00e9nurie de personnel Combattre la p\u00e9nurie de personnel dans la r\u00e9gion l\u00e9manique : diagnostic, leviers, solutionsProgramme &nbsp; 09h50 &#8211; 10h00\u00a0| Ouverture\u00a0&#8211; mot de bienvenue de Marcel Delasoie &#8211; secr\u00e9taire g\u00e9n\u00e9ral de l&rsquo;UVAM, et [&hellip;]<\/p>\n","protected":false},"author":1,"featured_media":0,"parent":0,"menu_order":0,"comment_status":"closed","ping_status":"closed","template":"page-template-blank.php","meta":{"_et_pb_use_builder":"on","_et_pb_old_content":"","_et_gb_content_width":"","footnotes":""},"class_list":["post-156","page","type-page","status-publish","hentry"],"yoast_head":"<!-- This site is optimized with the Yoast SEO plugin v26.9 - https:\/\/yoast.com\/product\/yoast-seo-wordpress\/ -->\n<title>InscriptionForm_ULAM_19_09_2025 - UVAM<\/title>\n<meta name=\"robots\" content=\"index, follow, max-snippet:-1, max-image-preview:large, max-video-preview:-1\" \/>\n<link rel=\"canonical\" href=\"https:\/\/uvam-vs.ch\/de\/inscriptionform_ulam_19_09_2025\/\" \/>\n<meta property=\"og:locale\" content=\"de_DE\" \/>\n<meta property=\"og:type\" content=\"article\" \/>\n<meta property=\"og:title\" content=\"InscriptionForm_ULAM_19_09_2025 - UVAM\" \/>\n<meta property=\"og:description\" content=\"P\u00e9nurie de personnelvendredi 19 septembre 2025\u200bde 09h30 \u00e0 12h15 (+ repas et r\u00e9seautage)Mus\u00e9e OlympiqueQuai d&#039;Ouchy 1 - 1006 Lausanne inscriptions closes \u00c9v\u00e8nement ULAMP\u00e9nurie de personnel Combattre la p\u00e9nurie de personnel dans la r\u00e9gion l\u00e9manique : diagnostic, leviers, solutionsProgramme &nbsp; 09h50 - 10h00\u00a0| Ouverture\u00a0- mot de bienvenue de Marcel Delasoie - secr\u00e9taire g\u00e9n\u00e9ral de l&#039;UVAM, et [&hellip;]\" \/>\n<meta property=\"og:url\" content=\"https:\/\/uvam-vs.ch\/de\/inscriptionform_ulam_19_09_2025\/\" \/>\n<meta property=\"og:site_name\" content=\"UVAM\" \/>\n<meta property=\"article:publisher\" content=\"https:\/\/www.facebook.com\/infouvam\" \/>\n<meta property=\"article:modified_time\" content=\"2025-09-16T08:28:49+00:00\" \/>\n<meta name=\"twitter:card\" content=\"summary_large_image\" \/>\n<meta name=\"twitter:label1\" content=\"Gesch\u00e4tzte Lesezeit\" \/>\n\t<meta name=\"twitter:data1\" content=\"5\u00a0Minuten\" \/>\n<script type=\"application\/ld+json\" class=\"yoast-schema-graph\">{\"@context\":\"https:\/\/schema.org\",\"@graph\":[{\"@type\":\"WebPage\",\"@id\":\"https:\/\/uvam-vs.ch\/inscriptionform_ulam_19_09_2025\/\",\"url\":\"https:\/\/uvam-vs.ch\/inscriptionform_ulam_19_09_2025\/\",\"name\":\"InscriptionForm_ULAM_19_09_2025 - UVAM\",\"isPartOf\":{\"@id\":\"https:\/\/uvam-vs.ch\/#website\"},\"datePublished\":\"2025-06-03T14:45:10+00:00\",\"dateModified\":\"2025-09-16T08:28:49+00:00\",\"breadcrumb\":{\"@id\":\"https:\/\/uvam-vs.ch\/inscriptionform_ulam_19_09_2025\/#breadcrumb\"},\"inLanguage\":\"de\",\"potentialAction\":[{\"@type\":\"ReadAction\",\"target\":[\"https:\/\/uvam-vs.ch\/inscriptionform_ulam_19_09_2025\/\"]}]},{\"@type\":\"BreadcrumbList\",\"@id\":\"https:\/\/uvam-vs.ch\/inscriptionform_ulam_19_09_2025\/#breadcrumb\",\"itemListElement\":[{\"@type\":\"ListItem\",\"position\":1,\"name\":\"Accueil\",\"item\":\"https:\/\/uvam-vs.ch\/\"},{\"@type\":\"ListItem\",\"position\":2,\"name\":\"InscriptionForm_ULAM_19_09_2025\"}]},{\"@type\":\"WebSite\",\"@id\":\"https:\/\/uvam-vs.ch\/#website\",\"url\":\"https:\/\/uvam-vs.ch\/\",\"name\":\"UVAM\",\"description\":\"\",\"publisher\":{\"@id\":\"https:\/\/uvam-vs.ch\/#organization\"},\"potentialAction\":[{\"@type\":\"SearchAction\",\"target\":{\"@type\":\"EntryPoint\",\"urlTemplate\":\"https:\/\/uvam-vs.ch\/?s={search_term_string}\"},\"query-input\":{\"@type\":\"PropertyValueSpecification\",\"valueRequired\":true,\"valueName\":\"search_term_string\"}}],\"inLanguage\":\"de\"},{\"@type\":\"Organization\",\"@id\":\"https:\/\/uvam-vs.ch\/#organization\",\"name\":\"UVAM\",\"url\":\"https:\/\/uvam-vs.ch\/\",\"logo\":{\"@type\":\"ImageObject\",\"inLanguage\":\"de\",\"@id\":\"https:\/\/uvam-vs.ch\/#\/schema\/logo\/image\/\",\"url\":\"https:\/\/uvam-vs.ch\/wp-content\/uploads\/2025\/06\/uvam-wgv_couleur.png\",\"contentUrl\":\"https:\/\/uvam-vs.ch\/wp-content\/uploads\/2025\/06\/uvam-wgv_couleur.png\",\"width\":1800,\"height\":1200,\"caption\":\"UVAM\"},\"image\":{\"@id\":\"https:\/\/uvam-vs.ch\/#\/schema\/logo\/image\/\"},\"sameAs\":[\"https:\/\/www.facebook.com\/infouvam\",\"https:\/\/www.linkedin.com\/company\/infouvam\"]}]}<\/script>\n<!-- \/ Yoast SEO plugin. -->","yoast_head_json":{"title":"InscriptionForm_ULAM_19_09_2025 - UVAM","robots":{"index":"index","follow":"follow","max-snippet":"max-snippet:-1","max-image-preview":"max-image-preview:large","max-video-preview":"max-video-preview:-1"},"canonical":"https:\/\/uvam-vs.ch\/de\/inscriptionform_ulam_19_09_2025\/","og_locale":"de_DE","og_type":"article","og_title":"InscriptionForm_ULAM_19_09_2025 - UVAM","og_description":"P\u00e9nurie de personnelvendredi 19 septembre 2025\u200bde 09h30 \u00e0 12h15 (+ repas et r\u00e9seautage)Mus\u00e9e OlympiqueQuai d'Ouchy 1 - 1006 Lausanne inscriptions closes \u00c9v\u00e8nement ULAMP\u00e9nurie de personnel Combattre la p\u00e9nurie de personnel dans la r\u00e9gion l\u00e9manique : diagnostic, leviers, solutionsProgramme &nbsp; 09h50 - 10h00\u00a0| Ouverture\u00a0- mot de bienvenue de Marcel Delasoie - secr\u00e9taire g\u00e9n\u00e9ral de l'UVAM, et [&hellip;]","og_url":"https:\/\/uvam-vs.ch\/de\/inscriptionform_ulam_19_09_2025\/","og_site_name":"UVAM","article_publisher":"https:\/\/www.facebook.com\/infouvam","article_modified_time":"2025-09-16T08:28:49+00:00","twitter_card":"summary_large_image","twitter_misc":{"Gesch\u00e4tzte Lesezeit":"5\u00a0Minuten"},"schema":{"@context":"https:\/\/schema.org","@graph":[{"@type":"WebPage","@id":"https:\/\/uvam-vs.ch\/inscriptionform_ulam_19_09_2025\/","url":"https:\/\/uvam-vs.ch\/inscriptionform_ulam_19_09_2025\/","name":"InscriptionForm_ULAM_19_09_2025 - UVAM","isPartOf":{"@id":"https:\/\/uvam-vs.ch\/#website"},"datePublished":"2025-06-03T14:45:10+00:00","dateModified":"2025-09-16T08:28:49+00:00","breadcrumb":{"@id":"https:\/\/uvam-vs.ch\/inscriptionform_ulam_19_09_2025\/#breadcrumb"},"inLanguage":"de","potentialAction":[{"@type":"ReadAction","target":["https:\/\/uvam-vs.ch\/inscriptionform_ulam_19_09_2025\/"]}]},{"@type":"BreadcrumbList","@id":"https:\/\/uvam-vs.ch\/inscriptionform_ulam_19_09_2025\/#breadcrumb","itemListElement":[{"@type":"ListItem","position":1,"name":"Accueil","item":"https:\/\/uvam-vs.ch\/"},{"@type":"ListItem","position":2,"name":"InscriptionForm_ULAM_19_09_2025"}]},{"@type":"WebSite","@id":"https:\/\/uvam-vs.ch\/#website","url":"https:\/\/uvam-vs.ch\/","name":"WGV","description":"","publisher":{"@id":"https:\/\/uvam-vs.ch\/#organization"},"potentialAction":[{"@type":"SearchAction","target":{"@type":"EntryPoint","urlTemplate":"https:\/\/uvam-vs.ch\/?s={search_term_string}"},"query-input":{"@type":"PropertyValueSpecification","valueRequired":true,"valueName":"search_term_string"}}],"inLanguage":"de"},{"@type":"Organization","@id":"https:\/\/uvam-vs.ch\/#organization","name":"WGV","url":"https:\/\/uvam-vs.ch\/","logo":{"@type":"ImageObject","inLanguage":"de","@id":"https:\/\/uvam-vs.ch\/#\/schema\/logo\/image\/","url":"https:\/\/uvam-vs.ch\/wp-content\/uploads\/2025\/06\/uvam-wgv_couleur.png","contentUrl":"https:\/\/uvam-vs.ch\/wp-content\/uploads\/2025\/06\/uvam-wgv_couleur.png","width":1800,"height":1200,"caption":"UVAM"},"image":{"@id":"https:\/\/uvam-vs.ch\/#\/schema\/logo\/image\/"},"sameAs":["https:\/\/www.facebook.com\/infouvam","https:\/\/www.linkedin.com\/company\/infouvam"]}]}},"_links":{"self":[{"href":"https:\/\/uvam-vs.ch\/de\/wp-json\/wp\/v2\/pages\/156","targetHints":{"allow":["GET"]}}],"collection":[{"href":"https:\/\/uvam-vs.ch\/de\/wp-json\/wp\/v2\/pages"}],"about":[{"href":"https:\/\/uvam-vs.ch\/de\/wp-json\/wp\/v2\/types\/page"}],"author":[{"embeddable":true,"href":"https:\/\/uvam-vs.ch\/de\/wp-json\/wp\/v2\/users\/1"}],"replies":[{"embeddable":true,"href":"https:\/\/uvam-vs.ch\/de\/wp-json\/wp\/v2\/comments?post=156"}],"version-history":[{"count":69,"href":"https:\/\/uvam-vs.ch\/de\/wp-json\/wp\/v2\/pages\/156\/revisions"}],"predecessor-version":[{"id":430,"href":"https:\/\/uvam-vs.ch\/de\/wp-json\/wp\/v2\/pages\/156\/revisions\/430"}],"wp:attachment":[{"href":"https:\/\/uvam-vs.ch\/de\/wp-json\/wp\/v2\/media?parent=156"}],"curies":[{"name":"wp","href":"https:\/\/api.w.org\/{rel}","templated":true}]}}